{"id":3705,"date":"2025-01-08T13:27:21","date_gmt":"2025-01-08T12:27:21","guid":{"rendered":"https:\/\/josepcarleslainez.com\/?post_type=moda&#038;p=3705"},"modified":"2025-01-09T19:39:03","modified_gmt":"2025-01-09T18:39:03","slug":"col%c2%b7leccio-alma","status":"publish","type":"moda","link":"https:\/\/josepcarleslainez.com\/va\/moda\/col%c2%b7leccio-alma\/","title":{"rendered":"Col\u00b7lecci\u00f3 Alma"},"content":{"rendered":"<p>Inspirada en la meua <a href=\"https:\/\/josepcarleslainez.com\/va\/literatura-va\/narrativa-va\/alma-2\/\"><span style=\"color: #d9c8b4;\">novel\u00b7la hom\u00f2nima<\/span><\/a>, vaig participar en la passarel\u00b7la Andrespert 2024 de la ciutat de Val\u00e8ncia (Espanya) amb una minicol\u00b7lecci\u00f3 c\u00e0psula de quatre conjunts de la meua autoria que podrien servir com a vestuari per a una eventual adaptaci\u00f3 cinematogr\u00e0fica del meu text. Vaig comptar amb l\u2019ajuda en la compostura de Carmen La\u00ednez, i desfilaren amb els meus <em>outfits<\/em> les models Ainhoa Af\u00e1n, Nerea Acebr\u00f3n, M\u00f3nica Nedelcheva i Kristina Martianova (totes d\u2019Immodel Agency). Les fotografies s\u00f3n cortesia de Fernando Catal\u00e1.<\/p>\n","protected":false},"author":2,"featured_media":3686,"menu_order":-1,"template":"","categories":[174],"class_list":["post-3705","moda","type-moda","status-publish","has-post-thumbnail","hentry","category-moda-va"],"yoast_head":"<!-- This site is optimized with the Yoast SEO plugin v27.4 - https:\/\/yoast.com\/product\/yoast-seo-wordpress\/ -->\n<title>Col\u00b7lecci\u00f3 Alma | Josep Carles La\u00ednez<\/title>\n<meta name=\"description\" content=\"Inspirada en la meva novel\u00b7la hom\u00f2nima, vaig participar a la passarel\u00b7la Andrespert 2024 de la ciutat de Val\u00e8ncia (Espanya) amb una minicol\u00b7lecci\u00f3 c\u00e0psula de\" \/>\n<meta name=\"robots\" content=\"index, follow, max-snippet:-1, max-image-preview:large, max-video-preview:-1\" \/>\n<link rel=\"canonical\" href=\"https:\/\/josepcarleslainez.com\/va\/moda\/col%c2%b7leccio-alma\/\" \/>\n<meta property=\"og:locale\" content=\"en_US\" \/>\n<meta property=\"og:type\" content=\"article\" \/>\n<meta property=\"og:title\" content=\"Col\u00b7lecci\u00f3 Alma | Josep Carles La\u00ednez\" \/>\n<meta property=\"og:description\" content=\"Inspirada en la meva novel\u00b7la hom\u00f2nima, vaig participar a la passarel\u00b7la Andrespert 2024 de la ciutat de Val\u00e8ncia (Espanya) amb una minicol\u00b7lecci\u00f3 c\u00e0psula de\" \/>\n<meta property=\"og:url\" content=\"https:\/\/josepcarleslainez.com\/va\/moda\/col%c2%b7leccio-alma\/\" \/>\n<meta property=\"og:site_name\" content=\"Josep Carles La\u00ednez\" \/>\n<meta property=\"article:modified_time\" content=\"2025-01-09T18:39:03+00:00\" \/>\n<meta property=\"og:image\" content=\"https:\/\/josepcarleslainez.com\/wp-content\/uploads\/01-Ainhoa-Afan.png\" \/>\n\t<meta property=\"og:image:width\" content=\"400\" \/>\n\t<meta property=\"og:image:height\" content=\"500\" \/>\n\t<meta property=\"og:image:type\" content=\"image\/png\" \/>\n<meta name=\"twitter:card\" content=\"summary_large_image\" \/>\n<meta name=\"twitter:label1\" content=\"Est. reading time\" \/>\n\t<meta name=\"twitter:data1\" content=\"1 minute\" \/>\n<script type=\"application\/ld+json\" class=\"yoast-schema-graph\">{\"@context\":\"https:\\\/\\\/schema.org\",\"@graph\":[{\"@type\":\"Article\",\"@id\":\"https:\\\/\\\/josepcarleslainez.com\\\/va\\\/moda\\\/col%c2%b7leccio-alma\\\/#article\",\"isPartOf\":{\"@id\":\"https:\\\/\\\/josepcarleslainez.com\\\/va\\\/moda\\\/col%c2%b7leccio-alma\\\/\"},\"author\":{\"name\":\"Josep Carles La\u00ednez\",\"@id\":\"https:\\\/\\\/josepcarleslainez.com\\\/va\\\/#\\\/schema\\\/person\\\/4df12f79903b0a8f8bda77c99ca37ca1\"},\"headline\":\"Col\u00b7lecci\u00f3 Alma\",\"datePublished\":\"2025-01-08T12:27:21+00:00\",\"dateModified\":\"2025-01-09T18:39:03+00:00\",\"mainEntityOfPage\":{\"@id\":\"https:\\\/\\\/josepcarleslainez.com\\\/va\\\/moda\\\/col%c2%b7leccio-alma\\\/\"},\"wordCount\":98,\"publisher\":{\"@id\":\"https:\\\/\\\/josepcarleslainez.com\\\/va\\\/#\\\/schema\\\/person\\\/4df12f79903b0a8f8bda77c99ca37ca1\"},\"image\":{\"@id\":\"https:\\\/\\\/josepcarleslainez.com\\\/va\\\/moda\\\/col%c2%b7leccio-alma\\\/#primaryimage\"},\"thumbnailUrl\":\"https:\\\/\\\/josepcarleslainez.com\\\/wp-content\\\/uploads\\\/01-Ainhoa-Afan.png\",\"articleSection\":[\"Moda\"],\"inLanguage\":\"va-ES\"},{\"@type\":[\"WebPage\",\"ItemPage\"],\"@id\":\"https:\\\/\\\/josepcarleslainez.com\\\/va\\\/moda\\\/col%c2%b7leccio-alma\\\/\",\"url\":\"https:\\\/\\\/josepcarleslainez.com\\\/va\\\/moda\\\/col%c2%b7leccio-alma\\\/\",\"name\":\"Col\u00b7lecci\u00f3 Alma | Josep Carles La\u00ednez\",\"isPartOf\":{\"@id\":\"https:\\\/\\\/josepcarleslainez.com\\\/va\\\/#website\"},\"primaryImageOfPage\":{\"@id\":\"https:\\\/\\\/josepcarleslainez.com\\\/va\\\/moda\\\/col%c2%b7leccio-alma\\\/#primaryimage\"},\"image\":{\"@id\":\"https:\\\/\\\/josepcarleslainez.com\\\/va\\\/moda\\\/col%c2%b7leccio-alma\\\/#primaryimage\"},\"thumbnailUrl\":\"https:\\\/\\\/josepcarleslainez.com\\\/wp-content\\\/uploads\\\/01-Ainhoa-Afan.png\",\"datePublished\":\"2025-01-08T12:27:21+00:00\",\"dateModified\":\"2025-01-09T18:39:03+00:00\",\"description\":\"Inspirada en la meva novel\u00b7la hom\u00f2nima, vaig participar a la passarel\u00b7la Andrespert 2024 de la ciutat de Val\u00e8ncia (Espanya) amb una minicol\u00b7lecci\u00f3 c\u00e0psula de\",\"breadcrumb\":{\"@id\":\"https:\\\/\\\/josepcarleslainez.com\\\/va\\\/moda\\\/col%c2%b7leccio-alma\\\/#breadcrumb\"},\"inLanguage\":\"va-ES\",\"potentialAction\":[{\"@type\":\"ReadAction\",\"target\":[\"https:\\\/\\\/josepcarleslainez.com\\\/va\\\/moda\\\/col%c2%b7leccio-alma\\\/\"]}]},{\"@type\":\"ImageObject\",\"inLanguage\":\"va-ES\",\"@id\":\"https:\\\/\\\/josepcarleslainez.com\\\/va\\\/moda\\\/col%c2%b7leccio-alma\\\/#primaryimage\",\"url\":\"https:\\\/\\\/josepcarleslainez.com\\\/wp-content\\\/uploads\\\/01-Ainhoa-Afan.png\",\"contentUrl\":\"https:\\\/\\\/josepcarleslainez.com\\\/wp-content\\\/uploads\\\/01-Ainhoa-Afan.png\",\"width\":400,\"height\":500,\"caption\":\"Colecci\u00f3n Alma\"},{\"@type\":\"BreadcrumbList\",\"@id\":\"https:\\\/\\\/josepcarleslainez.com\\\/va\\\/moda\\\/col%c2%b7leccio-alma\\\/#breadcrumb\",\"itemListElement\":[{\"@type\":\"ListItem\",\"position\":1,\"name\":\"Inici\",\"item\":\"https:\\\/\\\/josepcarleslainez.com\\\/va\\\/\"},{\"@type\":\"ListItem\",\"position\":2,\"name\":\"Moda\",\"item\":\"https:\\\/\\\/josepcarleslainez.com\\\/va\\\/moda\\\/\"},{\"@type\":\"ListItem\",\"position\":3,\"name\":\"Art\",\"item\":\"https:\\\/\\\/josepcarleslainez.com\\\/va\\\/categoria\\\/art-va\\\/\"},{\"@type\":\"ListItem\",\"position\":4,\"name\":\"Moda\",\"item\":\"https:\\\/\\\/josepcarleslainez.com\\\/va\\\/categoria\\\/art-va\\\/moda-va\\\/\"},{\"@type\":\"ListItem\",\"position\":5,\"name\":\"Col\u00b7lecci\u00f3 Alma\"}]},{\"@type\":\"WebSite\",\"@id\":\"https:\\\/\\\/josepcarleslainez.com\\\/va\\\/#website\",\"url\":\"https:\\\/\\\/josepcarleslainez.com\\\/va\\\/\",\"name\":\"Josep Carles La\u00ednez\",\"description\":\"Literatura &amp; Arte\",\"publisher\":{\"@id\":\"https:\\\/\\\/josepcarleslainez.com\\\/va\\\/#\\\/schema\\\/person\\\/4df12f79903b0a8f8bda77c99ca37ca1\"},\"potentialAction\":[{\"@type\":\"SearchAction\",\"target\":{\"@type\":\"EntryPoint\",\"urlTemplate\":\"https:\\\/\\\/josepcarleslainez.com\\\/va\\\/?s={search_term_string}\"},\"query-input\":{\"@type\":\"PropertyValueSpecification\",\"valueRequired\":true,\"valueName\":\"search_term_string\"}}],\"inLanguage\":\"va-ES\"},{\"@type\":[\"Person\",\"Organization\"],\"@id\":\"https:\\\/\\\/josepcarleslainez.com\\\/va\\\/#\\\/schema\\\/person\\\/4df12f79903b0a8f8bda77c99ca37ca1\",\"name\":\"Josep Carles La\u00ednez\",\"image\":{\"@type\":\"ImageObject\",\"inLanguage\":\"va-ES\",\"@id\":\"https:\\\/\\\/josepcarleslainez.com\\\/wp-content\\\/uploads\\\/JosepCarlesLainez_Biografia.jpg\",\"url\":\"https:\\\/\\\/josepcarleslainez.com\\\/wp-content\\\/uploads\\\/JosepCarlesLainez_Biografia.jpg\",\"contentUrl\":\"https:\\\/\\\/josepcarleslainez.com\\\/wp-content\\\/uploads\\\/JosepCarlesLainez_Biografia.jpg\",\"width\":571,\"height\":600,\"caption\":\"Josep Carles La\u00ednez\"},\"logo\":{\"@id\":\"https:\\\/\\\/josepcarleslainez.com\\\/wp-content\\\/uploads\\\/JosepCarlesLainez_Biografia.jpg\"},\"sameAs\":[\"https:\\\/\\\/josepcarleslainez.com\"],\"url\":\"https:\\\/\\\/josepcarleslainez.com\\\/va\\\/author\\\/j_carleslainez\\\/\"}]}<\/script>\n<!-- \/ Yoast SEO plugin. -->","yoast_head_json":{"title":"Col\u00b7lecci\u00f3 Alma | Josep Carles La\u00ednez","description":"Inspirada en la meva novel\u00b7la hom\u00f2nima, vaig participar a la passarel\u00b7la Andrespert 2024 de la ciutat de Val\u00e8ncia (Espanya) amb una minicol\u00b7lecci\u00f3 c\u00e0psula de","robots":{"index":"index","follow":"follow","max-snippet":"max-snippet:-1","max-image-preview":"max-image-preview:large","max-video-preview":"max-video-preview:-1"},"canonical":"https:\/\/josepcarleslainez.com\/va\/moda\/col%c2%b7leccio-alma\/","og_locale":"en_US","og_type":"article","og_title":"Col\u00b7lecci\u00f3 Alma | Josep Carles La\u00ednez","og_description":"Inspirada en la meva novel\u00b7la hom\u00f2nima, vaig participar a la passarel\u00b7la Andrespert 2024 de la ciutat de Val\u00e8ncia (Espanya) amb una minicol\u00b7lecci\u00f3 c\u00e0psula de","og_url":"https:\/\/josepcarleslainez.com\/va\/moda\/col%c2%b7leccio-alma\/","og_site_name":"Josep Carles La\u00ednez","article_modified_time":"2025-01-09T18:39:03+00:00","og_image":[{"width":400,"height":500,"url":"https:\/\/josepcarleslainez.com\/wp-content\/uploads\/01-Ainhoa-Afan.png","type":"image\/png"}],"twitter_card":"summary_large_image","twitter_misc":{"Est. reading time":"1 minute"},"schema":{"@context":"https:\/\/schema.org","@graph":[{"@type":"Article","@id":"https:\/\/josepcarleslainez.com\/va\/moda\/col%c2%b7leccio-alma\/#article","isPartOf":{"@id":"https:\/\/josepcarleslainez.com\/va\/moda\/col%c2%b7leccio-alma\/"},"author":{"name":"Josep Carles La\u00ednez","@id":"https:\/\/josepcarleslainez.com\/va\/#\/schema\/person\/4df12f79903b0a8f8bda77c99ca37ca1"},"headline":"Col\u00b7lecci\u00f3 Alma","datePublished":"2025-01-08T12:27:21+00:00","dateModified":"2025-01-09T18:39:03+00:00","mainEntityOfPage":{"@id":"https:\/\/josepcarleslainez.com\/va\/moda\/col%c2%b7leccio-alma\/"},"wordCount":98,"publisher":{"@id":"https:\/\/josepcarleslainez.com\/va\/#\/schema\/person\/4df12f79903b0a8f8bda77c99ca37ca1"},"image":{"@id":"https:\/\/josepcarleslainez.com\/va\/moda\/col%c2%b7leccio-alma\/#primaryimage"},"thumbnailUrl":"https:\/\/josepcarleslainez.com\/wp-content\/uploads\/01-Ainhoa-Afan.png","articleSection":["Moda"],"inLanguage":"va-ES"},{"@type":["WebPage","ItemPage"],"@id":"https:\/\/josepcarleslainez.com\/va\/moda\/col%c2%b7leccio-alma\/","url":"https:\/\/josepcarleslainez.com\/va\/moda\/col%c2%b7leccio-alma\/","name":"Col\u00b7lecci\u00f3 Alma | Josep Carles La\u00ednez","isPartOf":{"@id":"https:\/\/josepcarleslainez.com\/va\/#website"},"primaryImageOfPage":{"@id":"https:\/\/josepcarleslainez.com\/va\/moda\/col%c2%b7leccio-alma\/#primaryimage"},"image":{"@id":"https:\/\/josepcarleslainez.com\/va\/moda\/col%c2%b7leccio-alma\/#primaryimage"},"thumbnailUrl":"https:\/\/josepcarleslainez.com\/wp-content\/uploads\/01-Ainhoa-Afan.png","datePublished":"2025-01-08T12:27:21+00:00","dateModified":"2025-01-09T18:39:03+00:00","description":"Inspirada en la meva novel\u00b7la hom\u00f2nima, vaig participar a la passarel\u00b7la Andrespert 2024 de la ciutat de Val\u00e8ncia (Espanya) amb una minicol\u00b7lecci\u00f3 c\u00e0psula de","breadcrumb":{"@id":"https:\/\/josepcarleslainez.com\/va\/moda\/col%c2%b7leccio-alma\/#breadcrumb"},"inLanguage":"va-ES","potentialAction":[{"@type":"ReadAction","target":["https:\/\/josepcarleslainez.com\/va\/moda\/col%c2%b7leccio-alma\/"]}]},{"@type":"ImageObject","inLanguage":"va-ES","@id":"https:\/\/josepcarleslainez.com\/va\/moda\/col%c2%b7leccio-alma\/#primaryimage","url":"https:\/\/josepcarleslainez.com\/wp-content\/uploads\/01-Ainhoa-Afan.png","contentUrl":"https:\/\/josepcarleslainez.com\/wp-content\/uploads\/01-Ainhoa-Afan.png","width":400,"height":500,"caption":"Colecci\u00f3n Alma"},{"@type":"BreadcrumbList","@id":"https:\/\/josepcarleslainez.com\/va\/moda\/col%c2%b7leccio-alma\/#breadcrumb","itemListElement":[{"@type":"ListItem","position":1,"name":"Inici","item":"https:\/\/josepcarleslainez.com\/va\/"},{"@type":"ListItem","position":2,"name":"Moda","item":"https:\/\/josepcarleslainez.com\/va\/moda\/"},{"@type":"ListItem","position":3,"name":"Art","item":"https:\/\/josepcarleslainez.com\/va\/categoria\/art-va\/"},{"@type":"ListItem","position":4,"name":"Moda","item":"https:\/\/josepcarleslainez.com\/va\/categoria\/art-va\/moda-va\/"},{"@type":"ListItem","position":5,"name":"Col\u00b7lecci\u00f3 Alma"}]},{"@type":"WebSite","@id":"https:\/\/josepcarleslainez.com\/va\/#website","url":"https:\/\/josepcarleslainez.com\/va\/","name":"Josep Carles La\u00ednez","description":"Literatura &amp; Arte","publisher":{"@id":"https:\/\/josepcarleslainez.com\/va\/#\/schema\/person\/4df12f79903b0a8f8bda77c99ca37ca1"},"potentialAction":[{"@type":"SearchAction","target":{"@type":"EntryPoint","urlTemplate":"https:\/\/josepcarleslainez.com\/va\/?s={search_term_string}"},"query-input":{"@type":"PropertyValueSpecification","valueRequired":true,"valueName":"search_term_string"}}],"inLanguage":"va-ES"},{"@type":["Person","Organization"],"@id":"https:\/\/josepcarleslainez.com\/va\/#\/schema\/person\/4df12f79903b0a8f8bda77c99ca37ca1","name":"Josep Carles La\u00ednez","image":{"@type":"ImageObject","inLanguage":"va-ES","@id":"https:\/\/josepcarleslainez.com\/wp-content\/uploads\/JosepCarlesLainez_Biografia.jpg","url":"https:\/\/josepcarleslainez.com\/wp-content\/uploads\/JosepCarlesLainez_Biografia.jpg","contentUrl":"https:\/\/josepcarleslainez.com\/wp-content\/uploads\/JosepCarlesLainez_Biografia.jpg","width":571,"height":600,"caption":"Josep Carles La\u00ednez"},"logo":{"@id":"https:\/\/josepcarleslainez.com\/wp-content\/uploads\/JosepCarlesLainez_Biografia.jpg"},"sameAs":["https:\/\/josepcarleslainez.com"],"url":"https:\/\/josepcarleslainez.com\/va\/author\/j_carleslainez\/"}]}},"_links":{"self":[{"href":"https:\/\/josepcarleslainez.com\/va\/wp-json\/wp\/v2\/moda\/3705","targetHints":{"allow":["GET"]}}],"collection":[{"href":"https:\/\/josepcarleslainez.com\/va\/wp-json\/wp\/v2\/moda"}],"about":[{"href":"https:\/\/josepcarleslainez.com\/va\/wp-json\/wp\/v2\/types\/moda"}],"author":[{"embeddable":true,"href":"https:\/\/josepcarleslainez.com\/va\/wp-json\/wp\/v2\/users\/2"}],"wp:featuredmedia":[{"embeddable":true,"href":"https:\/\/josepcarleslainez.com\/va\/wp-json\/wp\/v2\/media\/3686"}],"wp:attachment":[{"href":"https:\/\/josepcarleslainez.com\/va\/wp-json\/wp\/v2\/media?parent=3705"}],"wp:term":[{"taxonomy":"category","embeddable":true,"href":"https:\/\/josepcarleslainez.com\/va\/wp-json\/wp\/v2\/categories?post=3705"}],"curies":[{"name":"wp","href":"https:\/\/api.w.org\/{rel}","templated":true}]}}